{"id":74286,"date":"2012-04-05T14:55:08","date_gmt":"2012-04-05T12:55:08","guid":{"rendered":"https:\/\/belenderoca.com\/inicio\/"},"modified":"2025-09-22T18:07:23","modified_gmt":"2025-09-22T16:07:23","slug":"inicio","status":"publish","type":"page","link":"https:\/\/www.belenderoca.com\/en\/","title":{"rendered":"Home"},"content":{"rendered":"<p>[vc_row full_width=&#8221;stretch_row&#8221; css=&#8221;.vc_custom_1750689154982{padding-top: 10px !important;padding-bottom: 10px !important;background-color: #d8af45 !important;}&#8221;][vc_column][vc_column_text]<\/p>\n<h2 style=\"color: #fff;\">Thanks to everyone who visited the Bethlehem of Roca and collaborated in the project of the Dana. We got in touch with the <a href=\"https:\/\/raicesolidarias.com\/\" target=\"_blank\" rel=\"noopener\"><strong style=\"color: #fff;\"><u>Ra\u00edces Solidarias Association<\/u><\/strong><\/a> who works in Catarroja and we collaborate in several projects.<\/h2>\n<p>[\/vc_column_text][vc_btn title=&#8221;See projects&#8221; color=&#8221;black&#8221; link=&#8221;url:https%3A%2F%2Fwww.belenderoca.com%2Fen%2Fthanks-to-all-who-visited-the-belen-de-roca-and-collaborated-in-the-project-of-the-dana%2F&#8221;][\/vc_column][\/vc_row][vc_row][vc_column width=&#8221;3\/4&#8243;][vc_column_text]\n\t\t\t<!-- START Slider 1 REVOLUTION SLIDER 6.6.8 --><p class=\"rs-p-wp-fix\"><\/p>\n\t\t\t<rs-module-wrap id=\"rev_slider_1_1_wrapper\" data-source=\"gallery\" style=\"visibility:hidden;background:transparent;padding:0;margin:0px auto;margin-top:0;margin-bottom:0;\">\n\t\t\t\t<rs-module id=\"rev_slider_1_1\" style=\"\" data-version=\"6.6.8\">\n\t\t\t\t\t<rs-slides style=\"overflow: hidden; position: absolute;\">\n\t\t\t\t\t\t<rs-slide style=\"position: absolute;\" data-key=\"rs-1\" data-title=\"Slide\" data-thumb=\"\/\/www.belenderoca.com\/wp-content\/uploads\/2022\/12\/slide1-50x100.jpg\" data-in=\"o:0;\" data-out=\"a:false;\">\n\t\t\t\t\t\t\t<img decoding=\"async\" src=\"\/\/www.belenderoca.com\/wp-content\/plugins\/revslider\/public\/assets\/assets\/dummy.png\" alt=\"\" title=\"slide1\" width=\"1500\" height=\"1000\" class=\"rev-slidebg tp-rs-img rs-lazyload\" data-lazyload=\"\/\/www.belenderoca.com\/wp-content\/uploads\/2022\/12\/slide1.jpg\" data-no-retina>\n<!---->\t\t\t\t\t\t<\/rs-slide>\n\t\t\t\t\t\t<rs-slide style=\"position: absolute;\" data-key=\"rs-2\" data-title=\"Slide\" data-thumb=\"\/\/www.belenderoca.com\/wp-content\/uploads\/2022\/12\/slide2-50x100.jpg\" data-in=\"o:0;\" data-out=\"a:false;\">\n\t\t\t\t\t\t\t<img decoding=\"async\" src=\"\/\/www.belenderoca.com\/wp-content\/plugins\/revslider\/public\/assets\/assets\/dummy.png\" alt=\"\" title=\"slide2\" width=\"1500\" height=\"1000\" class=\"rev-slidebg tp-rs-img rs-lazyload\" data-lazyload=\"\/\/www.belenderoca.com\/wp-content\/uploads\/2022\/12\/slide2.jpg\" data-no-retina>\n<!---->\t\t\t\t\t\t<\/rs-slide>\n\t\t\t\t\t\t<rs-slide style=\"position: absolute;\" data-key=\"rs-3\" data-title=\"Slide\" data-thumb=\"\/\/www.belenderoca.com\/wp-content\/uploads\/2022\/12\/slide3-50x100.jpg\" data-in=\"o:0;\" data-out=\"a:false;\">\n\t\t\t\t\t\t\t<img decoding=\"async\" src=\"\/\/www.belenderoca.com\/wp-content\/plugins\/revslider\/public\/assets\/assets\/dummy.png\" alt=\"\" title=\"slide3\" width=\"1500\" height=\"1000\" class=\"rev-slidebg tp-rs-img rs-lazyload\" data-lazyload=\"\/\/www.belenderoca.com\/wp-content\/uploads\/2022\/12\/slide3.jpg\" data-no-retina>\n<!---->\t\t\t\t\t\t<\/rs-slide>\n\t\t\t\t\t\t<rs-slide style=\"position: absolute;\" data-key=\"rs-4\" data-title=\"Slide\" data-thumb=\"\/\/www.belenderoca.com\/wp-content\/uploads\/2022\/12\/slide4-50x100.jpg\" data-in=\"o:0;\" data-out=\"a:false;\">\n\t\t\t\t\t\t\t<img decoding=\"async\" src=\"\/\/www.belenderoca.com\/wp-content\/plugins\/revslider\/public\/assets\/assets\/dummy.png\" alt=\"\" title=\"slide4\" width=\"1500\" height=\"1000\" class=\"rev-slidebg tp-rs-img rs-lazyload\" data-lazyload=\"\/\/www.belenderoca.com\/wp-content\/uploads\/2022\/12\/slide4.jpg\" data-no-retina>\n<!---->\t\t\t\t\t\t<\/rs-slide>\n\t\t\t\t\t<\/rs-slides>\n\t\t\t\t<\/rs-module>\n\t\t\t\t<script>\n\t\t\t\t\tsetREVStartSize({c: 'rev_slider_1_1',rl:[1240,1024,778,480],el:[1000,768,960,720],gw:[900,900,1500,1500],gh:[1000,1000,1000,1000],type:'carousel',justify:'',layout:'fullwidth',mh:\"0\"});if (window.RS_MODULES!==undefined && window.RS_MODULES.modules!==undefined && window.RS_MODULES.modules[\"revslider11\"]!==undefined) {window.RS_MODULES.modules[\"revslider11\"].once = false;window.revapi1 = undefined;if (window.RS_MODULES.checkMinimal!==undefined) window.RS_MODULES.checkMinimal()}\n\t\t\t\t<\/script>\n\t\t\t<\/rs-module-wrap>\n\t\t\t<!-- END REVOLUTION SLIDER -->\n[\/vc_column_text][\/vc_column][vc_column width=&#8221;1\/4&#8243;][vc_column_text]<\/p>\n<h3 style=\"text-align: center;\">Opening of the exhibition:<\/h3>\n<p style=\"text-align: center;\">Saturday, 29 November 2025<\/p>\n<h3 style=\"text-align: center;\">Completion of the exhibition:<\/h3>\n<p style=\"text-align: center;\">Sunday, 11 January 2026<\/p>\n<h3 style=\"text-align: center;\">Visiting hours:<\/h3>\n<p style=\"text-align: center;\">11:00h &#8211; 14:00h<br \/>\n17:00h &#8211; 20:00h<\/p>\n<h3 style=\"text-align: center;\">Group visits:<\/h3>\n<p style=\"text-align: center;\">Visits can be arranged for associations, groups, schools, residences, etc., by calling:<\/p>\n<p style=\"text-align: center;\"><a style=\"font-weight: bold; color: #d8af45; font-size: 19px;\" href=\"tel:699437977\" target=\"_blank\" rel=\"noopener\">699 437 977<\/a><\/p>\n<h3 style=\"text-align: center;\">How to get there by car:<\/h3>\n<p style=\"text-align: center;\"><i class=\"icon-check\"><\/i> The Camino del Mar from Foios or Albalat dels Sorells.<\/p>\n<p style=\"text-align: center;\"><i class=\"icon-check\"><\/i> El Barranquet.<\/p>\n<p style=\"text-align: center;\"><i class=\"icon-check\"><\/i> The V-21 from Valencia.<\/p>\n<h3 style=\"text-align: center;\">How to get there with Renfe:<\/h3>\n<p><a href=\"https:\/\/www.belenderoca.com\/wp-content\/uploads\/2022\/12\/renfe-cercanias.jpg\"><img loading=\"lazy\" decoding=\"async\" class=\"aligncenter size-full wp-image-74497\" src=\"https:\/\/www.belenderoca.com\/wp-content\/uploads\/2022\/12\/renfe-cercanias.jpg\" alt=\"renfe-cercanias\" width=\"1083\" height=\"640\" srcset=\"https:\/\/www.belenderoca.com\/wp-content\/uploads\/2022\/12\/renfe-cercanias.jpg 1083w, https:\/\/www.belenderoca.com\/wp-content\/uploads\/2022\/12\/renfe-cercanias-350x207.jpg 350w, https:\/\/www.belenderoca.com\/wp-content\/uploads\/2022\/12\/renfe-cercanias-705x417.jpg 705w, https:\/\/www.belenderoca.com\/wp-content\/uploads\/2022\/12\/renfe-cercanias-150x89.jpg 150w, https:\/\/www.belenderoca.com\/wp-content\/uploads\/2022\/12\/renfe-cercanias-768x454.jpg 768w, https:\/\/www.belenderoca.com\/wp-content\/uploads\/2022\/12\/renfe-cercanias-247x146.jpg 247w, https:\/\/www.belenderoca.com\/wp-content\/uploads\/2022\/12\/renfe-cercanias-50x30.jpg 50w, https:\/\/www.belenderoca.com\/wp-content\/uploads\/2022\/12\/renfe-cercanias-127x75.jpg 127w\" sizes=\"auto, (max-width: 1083px) 100vw, 1083px\" \/><\/a>[\/vc_column_text][\/vc_column][\/vc_row][vc_row full_width=&#8221;stretch_row&#8221; css=&#8221;.vc_custom_1733757172062{padding-top: 30px !important;padding-bottom: 30px !important;background-color: #f5f5f5 !important;}&#8221;][vc_column width=&#8221;3\/4&#8243;][vc_column_text]<\/p>\n<h2>Correos chooses the Valencian Bel\u00e9n de Roca for its Christmas stamps<\/h2>\n<p>This year at <strong>Bel\u00e9n de Roca<\/strong> we are honored to have been chosen for <strong>Correos<\/strong> to publish the <strong>stamp for Christmas 2022<\/strong> with the <strong> birth of the child Jesus of our Bethlehem<\/strong>.<\/p>\n<p>We <strong>thank Correos<\/strong> for promoting the <strong>world of nativity scenes<\/strong>.[\/vc_column_text][\/vc_column][vc_column width=&#8221;1\/4&#8243;][vc_column_text]<a href=\"https:\/\/www.belenderoca.com\/wp-content\/uploads\/2022\/12\/sello-correos-belenderoca.jpg\"><img loading=\"lazy\" decoding=\"async\" class=\"aligncenter size-full wp-image-74503\" src=\"https:\/\/www.belenderoca.com\/wp-content\/uploads\/2022\/12\/sello-correos-belenderoca.jpg\" alt=\"sello-correos-belenderoca\" width=\"836\" height=\"584\" srcset=\"https:\/\/www.belenderoca.com\/wp-content\/uploads\/2022\/12\/sello-correos-belenderoca.jpg 836w, https:\/\/www.belenderoca.com\/wp-content\/uploads\/2022\/12\/sello-correos-belenderoca-350x244.jpg 350w, https:\/\/www.belenderoca.com\/wp-content\/uploads\/2022\/12\/sello-correos-belenderoca-705x492.jpg 705w, https:\/\/www.belenderoca.com\/wp-content\/uploads\/2022\/12\/sello-correos-belenderoca-150x105.jpg 150w, https:\/\/www.belenderoca.com\/wp-content\/uploads\/2022\/12\/sello-correos-belenderoca-768x536.jpg 768w, https:\/\/www.belenderoca.com\/wp-content\/uploads\/2022\/12\/sello-correos-belenderoca-209x146.jpg 209w, https:\/\/www.belenderoca.com\/wp-content\/uploads\/2022\/12\/sello-correos-belenderoca-50x35.jpg 50w, https:\/\/www.belenderoca.com\/wp-content\/uploads\/2022\/12\/sello-correos-belenderoca-107x75.jpg 107w\" sizes=\"auto, (max-width: 836px) 100vw, 836px\" \/><\/a>[\/vc_column_text][\/vc_column][\/vc_row][vc_row][vc_column width=&#8221;1\/4&#8243;][vc_column_text]<\/p>\n<h3 style=\"text-align: center;\">History of the Bethlehem<\/h3>\n<p><a class=\"teaserimage\" href=\"\/en\/historia\/\" data-spotlight=\"effect:bottom;\"><img decoding=\"async\" class=\"aligncenter\" src=\"\/wp-content\/uploads\/2012\/08\/caracteristicas.jpg\" \/><\/a>[\/vc_column_text][\/vc_column][vc_column width=&#8221;1\/4&#8243;][vc_column_text]<\/p>\n<h3 style=\"text-align: center;\">Virtual visit<\/h3>\n<p><a class=\"teaserimage\" href=\"\/en\/visita-virtual\" data-spotlight=\"effect:bottom;\"><img decoding=\"async\" class=\"aligncenter\" src=\"\/wp-content\/uploads\/2012\/08\/visitavirtual.jpg\" \/><\/a>[\/vc_column_text][\/vc_column][vc_column width=&#8221;1\/4&#8243;][vc_column_text]<\/p>\n<h3 style=\"text-align: center;\">How to get<\/h3>\n<p><a class=\"teaserimage\" href=\"\/en\/comollegar\" data-spotlight=\"effect:bottom;\"><img decoding=\"async\" class=\"aligncenter\" src=\"http:\/\/belenderoca.com\/wp-content\/uploads\/2012\/08\/comollegar.jpg\" \/><\/a>[\/vc_column_text][\/vc_column][vc_column width=&#8221;1\/4&#8243;][vc_column_text]<\/p>\n<h3 style=\"text-align: center;\">Contact<\/h3>\n<p><a class=\"teaserimage\" href=\"\/en\/contactar\/\"><img decoding=\"async\" class=\"aligncenter\" src=\"https:\/\/www.belenderoca.com\/wp-content\/uploads\/2012\/08\/contactar.jpg\" \/><\/a>[\/vc_column_text][\/vc_column][\/vc_row][vc_row][vc_column width=&#8221;1\/4&#8243;][vc_column_text]<\/p>\n<h3 style=\"text-align: center;\">Mediateca<\/h3>\n<p><a class=\"teaserimage\" href=\"\/en\/mediateca\/\"><img decoding=\"async\" class=\"aligncenter\" src=\"https:\/\/www.belenderoca.com\/wp-content\/uploads\/2012\/08\/mediateca.jpg\" \/><\/a>[\/vc_column_text][\/vc_column][vc_column width=&#8221;1\/4&#8243;][vc_column_text]<\/p>\n<h3 style=\"text-align: center;\">How it&#8217;s done<\/h3>\n<p><a class=\"teaserimage\" href=\"\/en\/comosehace\/\"><img decoding=\"async\" class=\"aligncenter\" src=\"https:\/\/www.belenderoca.com\/wp-content\/uploads\/2012\/04\/comsehace.jpg\" \/><\/a>[\/vc_column_text][\/vc_column][vc_column width=&#8221;1\/4&#8243;][vc_column_text]<\/p>\n<h3 style=\"text-align: center;\">Frequent questions<\/h3>\n<p><a class=\"teaserimage\" href=\"\/en\/faq\/\" data-spotlight=\"effect:bottom;\"><img decoding=\"async\" class=\"aligncenter\" src=\"https:\/\/www.belenderoca.com\/wp-content\/uploads\/2012\/08\/preguntasfrecuentes.jpg\" \/><\/a>[\/vc_column_text][\/vc_column][vc_column width=&#8221;1\/4&#8243;][vc_column_text]<\/p>\n<h3 style=\"text-align: center;\">Trades book<\/h3>\n<p><a class=\"teaserimage\" href=\"\/en\/libro-de-oficios-artesanos-extracto\/\"><img decoding=\"async\" class=\"aligncenter\" src=\"\/wp-content\/uploads\/2012\/08\/librodeoficios.jpg\" \/><\/a>[\/vc_column_text][\/vc_column][\/vc_row]<\/p>\n","protected":false},"excerpt":{"rendered":"<p>[vc_row full_width=&#8221;stretch_row&#8221; css=&#8221;.vc_custom_1750689154982{padding-top: 10px !important;padding-bottom: 10px !important;background-color: #d8af45 !important;}&#8221;][vc_column][vc_column_text] Thanks to everyone who visited the Bethlehem of Roca and collaborated in the project of the Dana.<span class=\"excerpt-hellip\"> [\u2026]<\/span><\/p>\n","protected":false},"author":1,"featured_media":74505,"parent":0,"menu_order":0,"comment_status":"closed","ping_status":"closed","template":"","meta":{"footnotes":""},"class_list":["post-74286","page","type-page","status-publish","has-post-thumbnail","hentry"],"yoast_head":"<!-- This site is optimized with the Yoast SEO plugin v26.4 - https:\/\/yoast.com\/wordpress\/plugins\/seo\/ -->\n<title>Home - El Bel\u00e9n de Roca, Meliana, Valencia<\/title>\n<meta name=\"description\" content=\"Home . El Bel\u00e9n de Roca, Meliana, Valencia. Bel\u00e9n de Navidad con m\u00e1s piezas de Espa\u00f1a.\" \/>\n<meta name=\"robots\" content=\"index, follow, max-snippet:-1, max-image-preview:large, max-video-preview:-1\" \/>\n<link rel=\"canonical\" href=\"https:\/\/www.belenderoca.com\/en\/\" \/>\n<meta property=\"og:locale\" content=\"en_US\" \/>\n<meta property=\"og:type\" content=\"article\" \/>\n<meta property=\"og:title\" content=\"Home - El Bel\u00e9n de Roca, Meliana, Valencia\" \/>\n<meta property=\"og:description\" content=\"Home . El Bel\u00e9n de Roca, Meliana, Valencia. Bel\u00e9n de Navidad con m\u00e1s piezas de Espa\u00f1a.\" \/>\n<meta property=\"og:url\" content=\"https:\/\/www.belenderoca.com\/en\/\" \/>\n<meta property=\"og:site_name\" content=\"El Bel\u00e9n de Roca, Meliana, Valencia\" \/>\n<meta property=\"article:publisher\" content=\"https:\/\/www.facebook.com\/belenderoca\" \/>\n<meta property=\"article:modified_time\" content=\"2025-09-22T16:07:23+00:00\" \/>\n<meta property=\"og:image\" content=\"https:\/\/www.belenderoca.com\/wp-content\/uploads\/2022\/12\/sello-correos-belenderoca.jpg\" \/>\n\t<meta property=\"og:image:width\" content=\"836\" \/>\n\t<meta property=\"og:image:height\" content=\"584\" \/>\n\t<meta property=\"og:image:type\" content=\"image\/jpeg\" \/>\n<meta name=\"twitter:card\" content=\"summary_large_image\" \/>\n<meta name=\"twitter:label1\" content=\"Est. reading time\" \/>\n\t<meta name=\"twitter:data1\" content=\"4 minutes\" \/>\n<script type=\"application\/ld+json\" class=\"yoast-schema-graph\">{\"@context\":\"https:\/\/schema.org\",\"@graph\":[{\"@type\":\"WebPage\",\"@id\":\"https:\/\/www.belenderoca.com\/en\/\",\"url\":\"https:\/\/www.belenderoca.com\/en\/\",\"name\":\"Home - El Bel\u00e9n de Roca, Meliana, Valencia\",\"isPartOf\":{\"@id\":\"https:\/\/www.belenderoca.com\/en\/#website\"},\"primaryImageOfPage\":{\"@id\":\"https:\/\/www.belenderoca.com\/en\/#primaryimage\"},\"image\":{\"@id\":\"https:\/\/www.belenderoca.com\/en\/#primaryimage\"},\"thumbnailUrl\":\"https:\/\/www.belenderoca.com\/wp-content\/uploads\/2022\/12\/sello-correos-belenderoca.jpg\",\"datePublished\":\"2012-04-05T12:55:08+00:00\",\"dateModified\":\"2025-09-22T16:07:23+00:00\",\"description\":\"Home . El Bel\u00e9n de Roca, Meliana, Valencia. Bel\u00e9n de Navidad con m\u00e1s piezas de Espa\u00f1a.\",\"inLanguage\":\"en-US\",\"potentialAction\":[{\"@type\":\"ReadAction\",\"target\":[\"https:\/\/www.belenderoca.com\/en\/\"]}]},{\"@type\":\"ImageObject\",\"inLanguage\":\"en-US\",\"@id\":\"https:\/\/www.belenderoca.com\/en\/#primaryimage\",\"url\":\"https:\/\/www.belenderoca.com\/wp-content\/uploads\/2022\/12\/sello-correos-belenderoca.jpg\",\"contentUrl\":\"https:\/\/www.belenderoca.com\/wp-content\/uploads\/2022\/12\/sello-correos-belenderoca.jpg\",\"width\":836,\"height\":584,\"caption\":\"sello-correos-belenderoca\"},{\"@type\":\"WebSite\",\"@id\":\"https:\/\/www.belenderoca.com\/en\/#website\",\"url\":\"https:\/\/www.belenderoca.com\/en\/\",\"name\":\"El Bel\u00e9n de Roca, Meliana, Valencia\",\"description\":\"\",\"publisher\":{\"@id\":\"https:\/\/www.belenderoca.com\/en\/#organization\"},\"potentialAction\":[{\"@type\":\"SearchAction\",\"target\":{\"@type\":\"EntryPoint\",\"urlTemplate\":\"https:\/\/www.belenderoca.com\/en\/?s={search_term_string}\"},\"query-input\":{\"@type\":\"PropertyValueSpecification\",\"valueRequired\":true,\"valueName\":\"search_term_string\"}}],\"inLanguage\":\"en-US\"},{\"@type\":\"Organization\",\"@id\":\"https:\/\/www.belenderoca.com\/en\/#organization\",\"name\":\"El Bel\u00e9n de Roca, Meliana, Valencia\",\"url\":\"https:\/\/www.belenderoca.com\/en\/\",\"logo\":{\"@type\":\"ImageObject\",\"inLanguage\":\"en-US\",\"@id\":\"https:\/\/www.belenderoca.com\/en\/#\/schema\/logo\/image\/\",\"url\":\"https:\/\/www.belenderoca.com\/wp-content\/uploads\/2022\/12\/favicon-el-belen-de-roca.jpg\",\"contentUrl\":\"https:\/\/www.belenderoca.com\/wp-content\/uploads\/2022\/12\/favicon-el-belen-de-roca.jpg\",\"width\":250,\"height\":250,\"caption\":\"El Bel\u00e9n de Roca, Meliana, Valencia\"},\"image\":{\"@id\":\"https:\/\/www.belenderoca.com\/en\/#\/schema\/logo\/image\/\"},\"sameAs\":[\"https:\/\/www.facebook.com\/belenderoca\"]}]}<\/script>\n<!-- \/ Yoast SEO plugin. -->","yoast_head_json":{"title":"Home - El Bel\u00e9n de Roca, Meliana, Valencia","description":"Home . El Bel\u00e9n de Roca, Meliana, Valencia. Bel\u00e9n de Navidad con m\u00e1s piezas de Espa\u00f1a.","robots":{"index":"index","follow":"follow","max-snippet":"max-snippet:-1","max-image-preview":"max-image-preview:large","max-video-preview":"max-video-preview:-1"},"canonical":"https:\/\/www.belenderoca.com\/en\/","og_locale":"en_US","og_type":"article","og_title":"Home - El Bel\u00e9n de Roca, Meliana, Valencia","og_description":"Home . El Bel\u00e9n de Roca, Meliana, Valencia. Bel\u00e9n de Navidad con m\u00e1s piezas de Espa\u00f1a.","og_url":"https:\/\/www.belenderoca.com\/en\/","og_site_name":"El Bel\u00e9n de Roca, Meliana, Valencia","article_publisher":"https:\/\/www.facebook.com\/belenderoca","article_modified_time":"2025-09-22T16:07:23+00:00","og_image":[{"width":836,"height":584,"url":"https:\/\/www.belenderoca.com\/wp-content\/uploads\/2022\/12\/sello-correos-belenderoca.jpg","type":"image\/jpeg"}],"twitter_card":"summary_large_image","twitter_misc":{"Est. reading time":"4 minutes"},"schema":{"@context":"https:\/\/schema.org","@graph":[{"@type":"WebPage","@id":"https:\/\/www.belenderoca.com\/en\/","url":"https:\/\/www.belenderoca.com\/en\/","name":"Home - El Bel\u00e9n de Roca, Meliana, Valencia","isPartOf":{"@id":"https:\/\/www.belenderoca.com\/en\/#website"},"primaryImageOfPage":{"@id":"https:\/\/www.belenderoca.com\/en\/#primaryimage"},"image":{"@id":"https:\/\/www.belenderoca.com\/en\/#primaryimage"},"thumbnailUrl":"https:\/\/www.belenderoca.com\/wp-content\/uploads\/2022\/12\/sello-correos-belenderoca.jpg","datePublished":"2012-04-05T12:55:08+00:00","dateModified":"2025-09-22T16:07:23+00:00","description":"Home . El Bel\u00e9n de Roca, Meliana, Valencia. Bel\u00e9n de Navidad con m\u00e1s piezas de Espa\u00f1a.","inLanguage":"en-US","potentialAction":[{"@type":"ReadAction","target":["https:\/\/www.belenderoca.com\/en\/"]}]},{"@type":"ImageObject","inLanguage":"en-US","@id":"https:\/\/www.belenderoca.com\/en\/#primaryimage","url":"https:\/\/www.belenderoca.com\/wp-content\/uploads\/2022\/12\/sello-correos-belenderoca.jpg","contentUrl":"https:\/\/www.belenderoca.com\/wp-content\/uploads\/2022\/12\/sello-correos-belenderoca.jpg","width":836,"height":584,"caption":"sello-correos-belenderoca"},{"@type":"WebSite","@id":"https:\/\/www.belenderoca.com\/en\/#website","url":"https:\/\/www.belenderoca.com\/en\/","name":"El Bel\u00e9n de Roca, Meliana, Valencia","description":"","publisher":{"@id":"https:\/\/www.belenderoca.com\/en\/#organization"},"potentialAction":[{"@type":"SearchAction","target":{"@type":"EntryPoint","urlTemplate":"https:\/\/www.belenderoca.com\/en\/?s={search_term_string}"},"query-input":{"@type":"PropertyValueSpecification","valueRequired":true,"valueName":"search_term_string"}}],"inLanguage":"en-US"},{"@type":"Organization","@id":"https:\/\/www.belenderoca.com\/en\/#organization","name":"El Bel\u00e9n de Roca, Meliana, Valencia","url":"https:\/\/www.belenderoca.com\/en\/","logo":{"@type":"ImageObject","inLanguage":"en-US","@id":"https:\/\/www.belenderoca.com\/en\/#\/schema\/logo\/image\/","url":"https:\/\/www.belenderoca.com\/wp-content\/uploads\/2022\/12\/favicon-el-belen-de-roca.jpg","contentUrl":"https:\/\/www.belenderoca.com\/wp-content\/uploads\/2022\/12\/favicon-el-belen-de-roca.jpg","width":250,"height":250,"caption":"El Bel\u00e9n de Roca, Meliana, Valencia"},"image":{"@id":"https:\/\/www.belenderoca.com\/en\/#\/schema\/logo\/image\/"},"sameAs":["https:\/\/www.facebook.com\/belenderoca"]}]}},"_links":{"self":[{"href":"https:\/\/www.belenderoca.com\/en\/wp-json\/wp\/v2\/pages\/74286","targetHints":{"allow":["GET"]}}],"collection":[{"href":"https:\/\/www.belenderoca.com\/en\/wp-json\/wp\/v2\/pages"}],"about":[{"href":"https:\/\/www.belenderoca.com\/en\/wp-json\/wp\/v2\/types\/page"}],"author":[{"embeddable":true,"href":"https:\/\/www.belenderoca.com\/en\/wp-json\/wp\/v2\/users\/1"}],"replies":[{"embeddable":true,"href":"https:\/\/www.belenderoca.com\/en\/wp-json\/wp\/v2\/comments?post=74286"}],"version-history":[{"count":17,"href":"https:\/\/www.belenderoca.com\/en\/wp-json\/wp\/v2\/pages\/74286\/revisions"}],"predecessor-version":[{"id":74706,"href":"https:\/\/www.belenderoca.com\/en\/wp-json\/wp\/v2\/pages\/74286\/revisions\/74706"}],"wp:featuredmedia":[{"embeddable":true,"href":"https:\/\/www.belenderoca.com\/en\/wp-json\/wp\/v2\/media\/74505"}],"wp:attachment":[{"href":"https:\/\/www.belenderoca.com\/en\/wp-json\/wp\/v2\/media?parent=74286"}],"curies":[{"name":"wp","href":"https:\/\/api.w.org\/{rel}","templated":true}]}}